{"id":2990,"date":"2018-07-13T09:11:28","date_gmt":"2018-07-13T07:11:28","guid":{"rendered":"https:\/\/www.barbara-loth.de\/equipo\/"},"modified":"2023-12-12T16:52:13","modified_gmt":"2023-12-12T15:52:13","slug":"equipo","status":"publish","type":"page","link":"https:\/\/www.barbara-loth.de\/es\/equipo\/","title":{"rendered":"Equipo"},"content":{"rendered":"<p><section id=\"bt_section69f1b1a09deb8\" data-parallax=\"0.1\" data-parallax-offset=\"0\" class=\"boldSection topExtraSpaced bottomSpaced btDarkSkin gutter inherit btParallax wBackground cover btBackgroundOverlay btSolidDarkBackground\" style=\"background-image:url('https:\/\/www.barbara-loth.de\/wp-content\/uploads\/2018\/07\/Anwalt-Arbeitsrecht-Berlin-Skyline.jpg');\"><div class=\"port\"><div class=\"boldCell\"><div class=\"boldCellInner\"><div class=\"boldRow \" ><div class=\"boldRowInner\"><div class=\"rowItem col-md-6 col-sm-12 btTextLeft\"  data-width=\"6\"><div class=\"rowItemContent\" ><div class=\"btClear btSeparator topSemiSpaced bottomSmallSpaced noBorder\" ><hr><\/div><header class=\"header btClear large btDash bottomDash\" ><div class=\"dash\"><h2><span class=\"headline\">National und <b class=\"animate\">international<\/b>. Juntos, <b class=\"animate\">fuertes<\/b><\/span><\/h2><\/div><div class=\"btSubTitle\">Colegas<\/div><\/header><\/div><\/div><div class=\"rowItem col-md-6 col-sm-12 btTextLeft\"  data-width=\"6\"><div class=\"rowItemContent\" ><\/div><\/div><\/div><\/div><\/div><\/div><\/div><\/section><section id=\"services\"  class=\"boldSection topSpaced bottomSpaced gutter inherit\" ><div class=\"port\"><div class=\"boldCell\"><div class=\"boldCellInner\"><div class=\"boldRow \" ><div class=\"boldRowInner\"><div class=\"rowItem col-md-6 col-sm-12 btTextLeft inherit\"  data-width=\"6\"><div class=\"rowItemContent\" ><header class=\"header btClear extralarge btDash bottomDash\" ><div class=\"dash\"><div class=\"btSuperTitle\"><span>Multiling\u00fce<\/span><\/div><h1><span class=\"headline\">Nuestro <b class=\"animate\">equipo<\/b><\/span><\/h1><\/div><div class=\"btSubTitle\">Junto con mis colegas de H\u00f6pken &amp; Partner mbB, tambi\u00e9n podemos asesorarle en otros \u00e1mbitos, como el derecho de construcci\u00f3n p\u00fablico y privado, el derecho de arrendamiento, el derecho de sucesiones, el derecho fiscal, el derecho de familia y el derecho mercantil. Somos un bufete con orientaci\u00f3n internacional.<\/div><\/header><div class=\"btClear btSeparator topSemiSpaced noBorder\" ><hr><\/div><\/div><\/div><div class=\"rowItem col-md-6 col-sm-12 btTextLeft\"  data-width=\"6\"><div class=\"rowItemContent\" ><div class=\"btClear btSeparator topLargeSpaced noBorder\" ><hr><\/div><header class=\"header btClear extralarge btDash bottomDash\" ><div class=\"btSubTitle\">Nuestros dos colegas polacos apoyan principalmente a las empresas polacas en Berl\u00edn. Tambi\u00e9n ofrecemos los servicios de una notar\u00eda integral con orientaci\u00f3n internacional. Adem\u00e1s del alem\u00e1n, notarizamos y mantenemos correspondencia en ingl\u00e9s, ruso y polaco como hablantes nativos. <\/div><\/header><\/div><\/div><\/div><\/div><div class=\"boldRow \" ><div class=\"boldRowInner\"><div class=\"rowItem col-md-12 col-ms-12  btTextLeft animate animate-fadein inherit\"  data-width=\"12\"><div class=\"rowItemContent\" ><div class=\"bpgPhoto  btHasComplexContent\" > \r\n\t\t\t\t\t<a href=\"#\" target=\"_self\"><\/a>\r\n\t\t\t\t\t<div class=\"boldPhotoBox\"><div class=\"bpbItem\"><div class = \"btImage\"><img decoding=\"async\" src=\"https:\/\/www.barbara-loth.de\/wp-content\/uploads\/2018\/07\/Anwalt-Arbeitsrecht-Berlin-Loth-Team-1200x800.jpg\" alt=\"https:\/\/www.barbara-loth.de\/wp-content\/uploads\/2018\/07\/Anwalt-Arbeitsrecht-Berlin-Loth-Team-1200x800.jpg\" ><\/div><\/div><\/div>\r\n\t\t\t\t\t<div class=\"captionPane btDarkSkin\">\r\n\t\t\t\t\t\t<div class=\"captionTable\">\r\n\t\t\t\t\t\t\t<div class=\"captionCell\">\r\n\t\t\t\t\t\t\t\t<div class=\"captionTxt\"><header class=\"header btClear medium btDash bottomDash\" ><div class=\"btSubTitle\">\u00abNotarizamos y correspondemos en alem\u00e1n, ingl\u00e9s, ruso y polaco como nativos\u00ab.<\/div><\/header><\/div>\r\n\t\t\t\t\t\t\t<\/div>\r\n\t\t\t\t\t\t<\/div>\r\n\t\t\t\t\t<\/div><\/div><div class=\"btClear btSeparator bottomSmallSpaced noBorder\" ><hr><\/div><header class=\"header btClear medium btDash bottomDash\" ><div class=\"dash\"><h3><span class=\"headline\">El equipo sobre Berl\u00edn<\/span><\/h3><\/div><\/header><div class=\"btClear btSeparator bottomSmallSpaced noBorder\" ><hr><\/div><div class=\"btIconImageRow\" ><span class=\"btIco btIcoDefaultType btIcoMediumSize btIcoAccentColor\"><a href=\"https:\/\/www.facebook.com\/profile.php?id=100005163946933\"  target=\"_blank\" data-ico-fa=\"&#xf09a;\" class=\"btIcoHolder\"><span>Barbara Loth<\/span><\/a><\/span><span class=\"btIco btIcoDefaultType btIcoMediumSize btIcoAccentColor\"><a href=\"http:\/\/www.hoepken-partner.de\"  target=\"_blank\" data-ico-fa=\"&#xf0c1;\" class=\"btIcoHolder\"><span>Hoepken &amp; Partner<\/span><\/a><\/span><\/div><div class=\"btClear btSeparator bottomSemiSpaced noBorder\" ><hr><\/div><\/div><\/div><\/div><\/div><div class=\"boldRow \" ><div class=\"boldRowInner\"><\/div><\/div><\/div><\/div><\/div><\/section><section id=\"bt_section69f1b1a0a0446\"  class=\"boldSection gutter\" ><div class=\"port\"><div class=\"boldCell\"><div class=\"boldCellInner\"><\/div><\/div><\/div><\/section><\/p>\n","protected":false},"excerpt":{"rendered":"","protected":false},"author":2,"featured_media":0,"parent":0,"menu_order":0,"comment_status":"closed","ping_status":"closed","template":"","meta":{"footnotes":""},"class_list":["post-2990","page","type-page","status-publish","hentry"],"_links":{"self":[{"href":"https:\/\/www.barbara-loth.de\/es\/wp-json\/wp\/v2\/pages\/2990","targetHints":{"allow":["GET"]}}],"collection":[{"href":"https:\/\/www.barbara-loth.de\/es\/wp-json\/wp\/v2\/pages"}],"about":[{"href":"https:\/\/www.barbara-loth.de\/es\/wp-json\/wp\/v2\/types\/page"}],"author":[{"embeddable":true,"href":"https:\/\/www.barbara-loth.de\/es\/wp-json\/wp\/v2\/users\/2"}],"replies":[{"embeddable":true,"href":"https:\/\/www.barbara-loth.de\/es\/wp-json\/wp\/v2\/comments?post=2990"}],"version-history":[{"count":1,"href":"https:\/\/www.barbara-loth.de\/es\/wp-json\/wp\/v2\/pages\/2990\/revisions"}],"predecessor-version":[{"id":3099,"href":"https:\/\/www.barbara-loth.de\/es\/wp-json\/wp\/v2\/pages\/2990\/revisions\/3099"}],"wp:attachment":[{"href":"https:\/\/www.barbara-loth.de\/es\/wp-json\/wp\/v2\/media?parent=2990"}],"curies":[{"name":"wp","href":"https:\/\/api.w.org\/{rel}","templated":true}]}}