{"id":3009,"date":"2018-07-16T08:26:40","date_gmt":"2018-07-16T06:26:40","guid":{"rendered":"https:\/\/www.barbara-loth.de\/sobre-mi\/"},"modified":"2023-12-20T11:51:46","modified_gmt":"2023-12-20T10:51:46","slug":"sobre-mi","status":"publish","type":"page","link":"https:\/\/www.barbara-loth.de\/es\/sobre-mi\/","title":{"rendered":"Sobre m\u00ed"},"content":{"rendered":"<p><section id=\"bt_section69f5b9ff25b6d\" data-parallax=\"0.1\" data-parallax-offset=\"0\" class=\"boldSection topExtraSpaced bottomSpaced btDarkSkin gutter inherit btParallax wBackground cover btBackgroundOverlay btSolidDarkBackground\" style=\"background-image:url('https:\/\/www.barbara-loth.de\/wp-content\/uploads\/2018\/07\/Steinmeier-Loth-Arbeitsrecht-1.jpeg');\"><div class=\"port\"><div class=\"boldCell\"><div class=\"boldCellInner\"><div class=\"boldRow \" ><div class=\"boldRowInner\"><div class=\"rowItem col-md-8 col-ms-12 btTextLeft inherit\"  data-width=\"8\"><div class=\"rowItemContent\" ><div class=\"btClear btSeparator topSemiSpaced bottomSmallSpaced noBorder\" ><hr><\/div><header class=\"header btClear large btDash bottomDash\" ><div class=\"dash\"><div class=\"btSuperTitle\"><span>VIDA<\/span><\/div><h2><span class=\"headline\">Mi CV de un vistazo<\/span><\/h2><\/div><\/header><\/div><\/div><div class=\"rowItem col-md-4 col-ms-12 btTextLeft animate animate-fadein inherit\"  data-width=\"4\"><div class=\"rowItemContent\" ><\/div><\/div><\/div><\/div><\/div><\/div><\/div><\/section><section id=\"bt_section69f5b9ff2602b\" data-parallax=\"0.1\" data-parallax-offset=\"0\" class=\"boldSection topSpaced gutter btBottomVertical btParallax\" ><div class=\"port\"><div class=\"boldCell\"><div class=\"boldCellInner\"><div class=\"boldRow \" ><div class=\"boldRowInner\"><div class=\"rowItem col-md-12 col-ms-12  btTextLeft inherit\"  data-width=\"12\"><div class=\"rowItemContent\" ><div class=\"btClear btSeparator bottomSemiSpaced noBorder\" ><hr><\/div><div class=\"boldRow \" ><div class=\"boldRowInner\"><div class=\"rowItem rowInnerItem col-ms-6  btTextLeft inherit animate animate-fadein animate-moveup\"  ><div class=\"rowItemContent\"><div class=\"servicesItem  btIcoAccentColorIcon btIcoMediumSizeIcon \"><div class=\"sIcon\"><span class=\"btIco btIcoMediumSize btIcoFilledType btIcoAccentColor\"><a href=\"http:\/\/animation-playground\" target=\"_self\" data-ico-fa=\"&#xf126;\" class=\"btIcoHolder\"><\/a><\/span><\/div><div class=\"sTxt\"><header class=\"header btClear small\" ><div class=\"dash\"><h4><span class=\"headline\">De la cuenca del Ruhr al Derecho laboral<\/span><\/h4><\/div><\/header><p>Tras graduarme en el Reinhard-und Mannesmann Gymnasium de Duisburgo, solicit\u00e9 una plaza para estudiar Derecho en Berl\u00edn a trav\u00e9s del ZVS (Centro Central de Asignaci\u00f3n de Plazas de Estudio). Quer\u00eda ir a Berl\u00edn porque all\u00ed se escribi\u00f3 y se sigue escribiendo la historia como en ning\u00fan otro lugar de Alemania. Quer\u00eda estudiar Derecho para poder trabajar eficazmente por la justicia. Como estudiante, tuve muchos trabajos diferentes (friegaplatos, camarera, azafata, canguro, repartidora de peri\u00f3dicos, limpiadora). Experiment\u00e9 que all\u00ed las cosas no siempre eran justas. Por eso me especialic\u00e9 en Derecho laboral, para hacer campa\u00f1a por m\u00e1s justicia en el lugar de trabajo. <\/p><\/div><\/div><div class=\"btClear btSeparator bottomSemiSpaced noBorder\" ><hr><\/div><div class=\"btTabs tabsVertical\" data-open-first=\"\"><ul class=\"tabsHeader\"><li><span>Privat<\/span><\/li><\/ul><div class=\"tabPanes accordionPanes\"><div class=\"tabPane\">\r\n\t\t\t<div class=\"tabAccordionTitle\"><span>Privat<\/span><\/div>\r\n\t\t\t<div class=\"tabAccordionContent\"><div class=\"btText\" ><\/p>\n<p><strong>Privado<\/strong><\/p>\n<ul>\n<li>14.01.1957<\/li>\n<li>de Duisburg (Renania del Norte-Westfalia)<\/li>\n<li>Hijos: dos hijos<\/li>\n<li>Religi\u00f3n: Protestante<\/li>\n<li>Profesi\u00f3n: Abogado<\/li>\n<\/ul>\n<p><strong>Escuela y universidad<\/strong><\/p>\n<ul>\n<li>1976 Abitur en Duisburg en el Reinhard &#8211; and Max &#8211; Mannesmann-Gymnasium<\/li>\n<li>1976 Estudios de Derecho en la FU de Berl\u00edn<\/li>\n<li>1982 Primer jur. Examen de Estado<\/li>\n<li>1985 Segundo jur. Examen de Estado<\/li>\n<\/ul>\n<p>\n<\/div><\/div>\r\n\t\t<\/div><\/div><\/div><div class=\"btTabs tabsVertical\" data-open-first=\"\"><ul class=\"tabsHeader\"><li><span>Actividades profesionales<\/span><\/li><\/ul><div class=\"tabPanes accordionPanes\"><div class=\"tabPane\">\r\n\t\t\t<div class=\"tabAccordionTitle\"><span>Actividades profesionales<\/span><\/div>\r\n\t\t\t<div class=\"tabAccordionContent\"><div class=\"btText\" ><\/p>\n<ul>\n<li>Desde enero de 2017: Abogada en el bufete H\u00f6pken und Partner. Enfoque: Derecho laboral<\/li>\n<li>2011 &#8211; 2016: Secretaria de Estado en el Departamento de Trabajo, Integraci\u00f3n y Asuntos de la Mujer del Senado.<\/li>\n<li>2006 &#8211; 2011: Concejal de Econom\u00eda, Salud y Transportes (Steglitz-Zehlendorf) y posteriormente Viceconsejero de Econom\u00eda, Salud y Transportes (Steglitz-Zehlendorf). Alcalde y concejal de Sanidad, Inmuebles y Transportes (Steglitz-Zehlendorf)<\/li>\n<li>1991 &#8211; 2006: Juez del Tribunal Laboral de Berl\u00edn<\/li>\n<li>1987 &#8211; 1991: Asistente de investigaci\u00f3n en la FU de Berl\u00edn y posteriormente tambi\u00e9n en la Universidad Humboldt de Berl\u00edn.<\/li>\n<li>1985 &#8211; 1990: Abogado, especializado en Derecho laboral<\/li>\n<\/ul>\n<p>\n<\/div><\/div>\r\n\t\t<\/div><\/div><\/div><div class=\"btClear btSeparator bottomSemiSpaced noBorder\" ><hr><\/div><\/div><\/div><div class=\"rowItem rowInnerItem col-ms-6  btTextLeft inherit animate animate-fadein animate-moveup\"  ><div class=\"rowItemContent\"><div class=\"servicesItem  btIcoAccentColorIcon btIcoMediumSizeIcon \"><div class=\"sIcon\"><span class=\"btIco btIcoMediumSize btIcoFilledType btIcoAccentColor\"><a href=\"http:\/\/animation-playground\" target=\"_self\" data-ico-fa=\"&#xf0c0;\" class=\"btIcoHolder\"><\/a><\/span><\/div><div class=\"sTxt\"><header class=\"header btClear small\" ><div class=\"dash\"><h4><span class=\"headline\">De cargos honor\u00edficos y otras actividades<\/span><\/h4><\/div><\/header><p>Para m\u00ed, el trabajo y el voluntariado van de la mano. En el voluntariado se adquiere a menudo una experiencia que se puede aprovechar profesionalmente. Pero viceversa, como juez en un tribunal laboral, tambi\u00e9n he experimentado que no se puede llegar m\u00e1s lejos con la ley actual. Pude utilizar esta experiencia en pol\u00edtica, por ejemplo, para proponer mejoras. Tambi\u00e9n en este caso, el \u00e1mbito de la pol\u00edtica econ\u00f3mica y del mercado laboral fue especialmente importante para m\u00ed. Se trataba de propuestas concretas para ayudar a las empresas a crear y mantener puestos de trabajo y de medidas concretas para dar empleo a las personas sin trabajo.<\/p><\/div><\/div><div class=\"btClear btSeparator bottomSemiSpaced noBorder\" ><hr><\/div><div class=\"btTabs tabsVertical\" data-open-first=\"\"><ul class=\"tabsHeader\"><li><span>Econom\u00eda\/Trabajo<\/span><\/li><\/ul><div class=\"tabPanes accordionPanes\"><div class=\"tabPane\">\r\n\t\t\t<div class=\"tabAccordionTitle\"><span>Econom\u00eda\/Trabajo<\/span><\/div>\r\n\t\t\t<div class=\"tabAccordionContent\"><div class=\"btText\" ><\/p>\n<ul>\n<li>Miembro del Foro Econ\u00f3mico del SPD e.V. desde 2018 &#8211; Jefe del Foro de Expertos sobre Trabajo, Asociaci\u00f3n para la Negociaci\u00f3n Colectiva e Integraci\u00f3n.<\/li>\n<\/ul>\n<ul>\n<li>Desde 2006 Presidenta de la Comisi\u00f3n de Econom\u00eda, Trabajo y Tecnolog\u00eda (SPD Berl\u00edn)\n<ul>\n<li>Miembro del comit\u00e9 ejecutivo estatal de la Arbeitsgemeinschaft f\u00fcr Arbeitnehmerfragen ( AfA &#8211; Berl\u00edn) desde 2018<\/li>\n<li>2007 a 2010 Miembro. de la Junta de Propietarios del Centro de Empleo Steglitz-Zehlendorf<\/li>\n<li>2007 a 2011 Miembro. del Comit\u00e9 Administrativo de la Agencia de Empleo Berl\u00edn &#8211; Sur, \u00faltimamente portavoz de los representantes de Berl\u00edn<\/li>\n<li>2012 a 2014 Miembro. del Consejo de Administraci\u00f3n de la Agencia Federal de Empleo<\/li>\n<\/ul>\n<\/li>\n<\/ul>\n<p>\n<\/div><\/div>\r\n\t\t<\/div><\/div><\/div><div class=\"btTabs tabsVertical\" data-open-first=\"\"><ul class=\"tabsHeader\"><li><span>Ley<\/span><\/li><\/ul><div class=\"tabPanes accordionPanes\"><div class=\"tabPane\">\r\n\t\t\t<div class=\"tabAccordionTitle\"><span>Ley<\/span><\/div>\r\n\t\t\t<div class=\"tabAccordionContent\"><div class=\"btText\" ><\/p>\n<ul>\n<li>Miembro de la Asociaci\u00f3n Alemana de Abogadas desde 1985<\/li>\n<li>Miembro de la Asociaci\u00f3n Alemana de Tribunales Laborales desde 1992.<\/li>\n<li>Miembro de la Berliner Freundes-und F\u00f6rderkreis Arbeitsrecht e.V. desde 2005.<\/li>\n<li>1998-2006 Presidente del Consejo General de Jueces de los Tribunales de Trabajo de Berl\u00edn<\/li>\n<li>2004-2006 Presidente del Consejo Principal de la Magistratura de Berl\u00edn<\/li>\n<\/ul>\n<p>\n<\/div><\/div>\r\n\t\t<\/div><\/div><\/div><div class=\"btTabs tabsVertical\" data-open-first=\"\"><ul class=\"tabsHeader\"><li><span>Pol\u00edtica<\/span><\/li><\/ul><div class=\"tabPanes accordionPanes\"><div class=\"tabPane\">\r\n\t\t\t<div class=\"tabAccordionTitle\"><span>Pol\u00edtica<\/span><\/div>\r\n\t\t\t<div class=\"tabAccordionContent\"><div class=\"btText\" ><\/p>\n<ul>\n<li>Miembro del SPD desde 1994<\/li>\n<li>2006- 2018 Vicepresidenta del SPD de Berl\u00edn<\/li>\n<li>2012 &#8211; 2016 Pres. del Grupo de Trabajo sobre Igualdad de G\u00e9nero (SPD Berl\u00edn)<\/li>\n<li>2014 &#8211; 2016 Miembro. Comit\u00e9 de expertos Estrategias contra la derecha (SPD Berl\u00edn)<\/li>\n<li>2016 &#8211; 2016 Miembro. Grupo de proyecto sobre apertura intercultural (SPD Berl\u00edn)<\/li>\n<li>1998 &#8211; 2002 Miembro. del comit\u00e9 ejecutivo del departamento Seenplatte (SPD Berl\u00edn)<\/li>\n<li>2006 &#8211; 2011 Vicepresidente Presidenta de distrito del SPD Steglitz-Zehlendorf<\/li>\n<li>1998 &#8211; 2002 Miembro de la Junta Directiva del Grupo de Trabajo de Mujeres Socialdem\u00f3cratas<\/li>\n<li>2002 &#8211; 2004 Miembro del Consejo del Grupo de Trabajo de Juristas Socialdem\u00f3cratas<\/li>\n<\/ul>\n<p>\n<\/div><\/div>\r\n\t\t<\/div><\/div><\/div><div class=\"btTabs tabsVertical\" data-open-first=\"\"><ul class=\"tabsHeader\"><li><span>Sociedad\/Cultura<\/span><\/li><\/ul><div class=\"tabPanes accordionPanes\"><div class=\"tabPane\">\r\n\t\t\t<div class=\"tabAccordionTitle\"><span>Sociedad\/Cultura<\/span><\/div>\r\n\t\t\t<div class=\"tabAccordionContent\"><div class=\"btText\" ><\/p>\n<ul>\n<li>Miembro desde 2012. de la Sociedad Max Liebermann de Berl\u00edn e.V.<\/li>\n<li>Miembro desde 2014. del Consejo Asesor de Diakonie-Hospiz Wannsee<\/li>\n<li>2000-2002 Presidente Consejo General de Padres Werner-von-Siemens-Gymnasium (Zehlendorf)<\/li>\n<\/ul>\n<p>\n<\/div><\/div>\r\n\t\t<\/div><\/div><\/div><\/div><\/div><\/div><\/div><div class=\"btClear btSeparator bottomSemiSpaced noBorder\" ><hr><\/div><\/div><\/div><\/div><\/div><\/div><\/div><\/div><\/section><section id=\"bt_section69f5b9ff28109\" data-parallax=\"0\" data-parallax-offset=\"0\" class=\"boldSection topSpaced bottomSemiSpaced btDarkSkin gutter inherit btParallax wBackground cover btBackgroundOverlay btSolidDarkBackground\" style=\"background-image:url('https:\/\/www.barbara-loth.de\/wp-content\/uploads\/2018\/07\/Steinmeier-Loth-Arbeitsrecht.jpeg');\"><div class=\"port\"><div class=\"boldCell\"><div class=\"boldCellInner\"><div class=\"boldRow \" ><div class=\"boldRowInner\"><div class=\"rowItem col-md-6 col-sm-12 btTextLeft inherit\"  data-width=\"6\"><div class=\"rowItemContent\" ><header class=\"header btClear extralarge btDash bottomDash\" ><div class=\"dash\"><div class=\"btSuperTitle\"><span>F\u00fcr Sie<\/span><\/div><h1><span class=\"headline\"><b class=\"animate\">A su disposici\u00f3n <\/b> en cualquier momento. <\/span><\/h1><\/div><\/header><div class=\"btClear btSeparator bottomSemiSpaced noBorder\" ><hr><\/div><a href=\"https:\/\/www.barbara-loth.de\/es\/pongase-en-contacto-con-nosotros\/\" class=\"btBtn btBtn btnOutlineStyle btnNormalColor btnMedium btnNormalWidth btnRightPosition btnIco\" ><span class=\"btnInnerText\">\u00bfContactar con nosotros?<\/span><span class=\"btIco \"><span  data-ico-fa=\"&#xf0e0;\" class=\"btIcoHolder\"><\/span><\/span><\/a><\/div><\/div><div class=\"rowItem col-md-3 col-sm-6 col-ms-12 btTextLeft animate animate-fadein inherit\"  data-width=\"3\"><div class=\"rowItemContent\" ><div class=\"btClear btSeparator topSemiSpaced bottomSemiSpaced noBorder\" ><hr><\/div><div class=\"servicesItem  btIcoAccentColorIcon btIcoMediumSizeIcon \"><div class=\"sIcon\"><span class=\"btIco btIcoMediumSize btIcoFilledType btIcoAccentColor\"><span  data-ico-fa=\"&#xf274;\" class=\"btIcoHolder\"><\/span><\/span><\/div><div class=\"sTxt\"><header class=\"header btClear small\" ><div class=\"dash\"><h4><span class=\"headline\">A corto plazo<\/span><\/h4><\/div><\/header><p>Posibilidad de cita en 24 horas<\/p><\/div><\/div><div class=\"btClear btSeparator bottomSemiSpaced noBorder\" ><hr><\/div><div class=\"servicesItem  btIcoAccentColorIcon btIcoMediumSizeIcon \"><div class=\"sIcon\"><span class=\"btIco btIcoMediumSize btIcoFilledType btIcoAccentColor\"><span  data-ico-fa=\"&#xf017;\" class=\"btIcoHolder\"><\/span><\/span><\/div><div class=\"sTxt\"><header class=\"header btClear small\" ><div class=\"dash\"><h4><span class=\"headline\">Personal<\/span><\/h4><\/div><\/header><p>Posibilidad de citas in situ y nocturnas<\/p><\/div><\/div><div class=\"btClear btSeparator bottomSemiSpaced noBorder\" ><hr><\/div><\/div><\/div><div class=\"rowItem col-md-3 col-sm-6 col-ms-12 btTextLeft animate animate-fadein inherit\"  data-width=\"3\"><div class=\"rowItemContent\" ><\/div><\/div><\/div><\/div><\/div><\/div><\/div><\/section><\/p>\n","protected":false},"excerpt":{"rendered":"","protected":false},"author":2,"featured_media":0,"parent":0,"menu_order":0,"comment_status":"closed","ping_status":"closed","template":"","meta":{"footnotes":""},"class_list":["post-3009","page","type-page","status-publish","hentry"],"_links":{"self":[{"href":"https:\/\/www.barbara-loth.de\/es\/wp-json\/wp\/v2\/pages\/3009","targetHints":{"allow":["GET"]}}],"collection":[{"href":"https:\/\/www.barbara-loth.de\/es\/wp-json\/wp\/v2\/pages"}],"about":[{"href":"https:\/\/www.barbara-loth.de\/es\/wp-json\/wp\/v2\/types\/page"}],"author":[{"embeddable":true,"href":"https:\/\/www.barbara-loth.de\/es\/wp-json\/wp\/v2\/users\/2"}],"replies":[{"embeddable":true,"href":"https:\/\/www.barbara-loth.de\/es\/wp-json\/wp\/v2\/comments?post=3009"}],"version-history":[{"count":2,"href":"https:\/\/www.barbara-loth.de\/es\/wp-json\/wp\/v2\/pages\/3009\/revisions"}],"predecessor-version":[{"id":3156,"href":"https:\/\/www.barbara-loth.de\/es\/wp-json\/wp\/v2\/pages\/3009\/revisions\/3156"}],"wp:attachment":[{"href":"https:\/\/www.barbara-loth.de\/es\/wp-json\/wp\/v2\/media?parent=3009"}],"curies":[{"name":"wp","href":"https:\/\/api.w.org\/{rel}","templated":true}]}}